{"id":180,"date":"2018-02-26T20:00:53","date_gmt":"2018-02-26T20:00:53","guid":{"rendered":"http:\/\/heimat-und-geschichtsverein-buxtehude.de\/?page_id=180"},"modified":"2020-05-28T16:09:21","modified_gmt":"2020-05-28T16:09:21","slug":"exkursionen","status":"publish","type":"page","link":"https:\/\/heimat-und-geschichtsverein-buxtehude.de\/?page_id=180","title":{"rendered":"Exkursionen"},"content":{"rendered":"<h1>AG Exkursionen<\/h1>\n<h1><strong>F\u00fcr Mitglieder und Freunde des Heimatvereins bieten wir Exkursionen zu verschiedenen Themenbereichen an.<\/strong><br>&nbsp;<\/h1>\n<p><strong>Jahresprogramm 2020 der AG Exkursionen<\/strong><\/p>\n<p><span style=\"color: #ff0000;\">Achtung, f\u00fcr 2020 m\u00fcssen leider alle Termin wegen Corona entfallen.<\/span><\/p>\n<p>29.05.2020, 12 Uhr:&nbsp;<\/p>\n<p>Eine kulinarische Weltreise &#8211; mit St. Georg-Informationen und H\u00e4ppchen zu f\u00fcnf Stationen<\/p>\n<p>Der Rundgang wird veranstaltet, wenn sich 6 Personen zusammen <br>finden. Mehr als 12 sollten es aber auch nicht sein. Kostenpunkt: <br>20,00 \u20ac pro Person, zuzgl. Fahrkostenbeteiligung und \u201eTrinkgeld\u201c f\u00fcr die F\u00fchrung.<\/p>\n<p>Wir gehen zu 5 Imbissen\/Restaurants im Stadtteil <br>unterschiedlicher Nationalit\u00e4t und bekommen dort kleine Imbisse. <br>Getr\u00e4nke m\u00fcssen selbst bezahlt werden. W\u00e4hrend des Essens, bzw. <br>Wartens wird aus der Geschichte St. Georgs erz\u00e4hlt, aber auch Allt\u00e4gliches.<br>Der Rundgang dauert ca. 3&nbsp; Std. Da St. Georg nicht so sehr gro\u00df ist, <br>sind die Wege auch nicht so weit. Und in den meisten <br>Restaurants\/Imbissen kann man sitzen.<\/p>\n<p>03.07.2020, 8 Uhr:&nbsp;<\/p>\n<p>Schloss Bothmer in Kl\u00fctz\/Westmecklenburg<\/p>\n<p>Fahrt per Bus von Buxtehude-ZOB<\/p>\n<p>R\u00fcckkehr ca. 19:00 Uhr.<\/p>\n<p>Besichtigung und F\u00fchrung durch die gr\u00f6\u00dfte erhaltene Barockanlage in Mecklenburg-Vorpommern mit Festonallee und Landschaftspark.<\/p>\n<p>Mittagessen in der Orangerie auf eigene Kosten.<\/p>\n<p>Teilnehmerzahl: mindestens 25 Personen. Kosten: 35,00 \u20ac.<\/p>\n<p>&nbsp;<\/p>\n<p>25.07.2020:<\/p>\n<p>Fahrt nach Cuxhaven und Besuch des Joachim-Ringelnatz-Museums<\/p>\n<p>zwischen 10 und 13 Uhr mit F\u00fchrung. Danach Mittagessen auf eigene Kosten. Mindestens 10 Teilnehmer erforderlich, h\u00f6chstens 20. Personen. Kosten abh\u00e4ngig von der Teilnehmerzahl, bei 10 Teilnehmern 6,00 \u20ac, zuzgl. Fahrkostenbeteiligung.<\/p>\n<p>&nbsp;<\/p>\n<p>11.08.2020, 12 Uhr:<\/p>\n<p>1\/2 bis \u00be Stunde F\u00fchrung in der Niederdeutschen Bibliothek in Hamburg durch Frau Dr. Ulrike M\u00f6ller, anschlie\u00dfend 1-st\u00fcndige Lesung mit Silke Frakstein &#8222;De Schimmelrieder vun Theodor Storm&#8220; op Platt.<\/p>\n<p>Es wird kein Eintritt erhoben. Die Fahrkosten werden unter den Teilnehmern umgelegt.<\/p>\n<p>&nbsp;<\/p>\n<p>23.09.2020, mittags:<\/p>\n<p>Eppendorf \u2013 wie aus einem Dorf ein Stadtteil wurde.<\/p>\n<p>Rundgang durch Eppendorf mit Besuch der St. Johannis-Kirche und weiterer Sehensw\u00fcrdigkeiten<\/p>\n<p>6,00 \u20ac pro Teilnehmer zuzgl. Fahrkostenbeteiligung.<\/p>\n<p>Einkehr (auf eigene Kosten) je nach Gegebenheit<\/p>\n<p>&nbsp;<\/p>\n<p>7.10.2020, 14:00 Uhr: Altkloster. Eine historische Stadtf\u00fchrung<\/p>\n<p>&nbsp;<\/p>\n<p>5.12.2020<\/p>\n<p>Wort und Musik zur Adventszeit<\/p>\n<p>Programm und Veranstaltungsort sind noch offen.<\/p>\n<p>&nbsp;<\/p>\n<p>\u2013 \u00c4NDERUNGEN VORBEHALTEN \u2013<\/p>\n<p>&#8212;&#8212;&#8212;&#8212;&#8212;&#8212;&#8212;&#8212;&#8212;&#8212;&#8212;&#8212;&#8212;&#8212;&#8212;&#8212;&#8212;&#8212;&#8212;&#8212;&#8212;&#8212;&#8212;&#8212;&#8212;&#8212;&#8212;&#8212;&#8212;&#8212;&#8212;&#8212;&#8212;&#8212;&#8212;&#8212;&#8212;&#8212;<\/p>\n\n\n<h3 class=\"wp-block-heading\"> Berichte \u00fcber durchgef\u00fchrte Veranstaltungen <\/h3>\n\n\n\n<p><strong>16. Mai 2019: F\u00fchrung im Gorch Fock Haus sowie Rundgang durch das alte Finkenwerder<\/strong><\/p>\n\n\n\n<p>In\n2019 haben wir das Elternhaus, das unter Denkmalschutz steht, der Gebr\u00fcder\nJohann (Gorch Fock), Jakob und Rudolf Kinau besucht. Annegrete Feller von der\nHeimatvereinigung Finkenwerder e. V. hat umfangreich und spannend in\nplattdeutscher Sprache \u00fcber die Kinau-Familie sowie \u00fcber die Geschichte\nFinkenwerders erz\u00e4hlt. Nach einer St\u00e4rkung im Yachtblick hat Annegrete Feller\nuns noch durch den alten, sehr romantischen Teil Finkenwerders begleitet. Trotz\nder N\u00e4he zu Buxtehude \u2013 dieser \u00f6stliche Teil war vielen aus der Gruppe von 13\nMitgliedern bislang unbekannt.&nbsp; Alle\nwaren sich am Ende des Tages einig: Es war ein sch\u00f6ner Tag!<\/p>\n\n\n\n<p>&nbsp;&nbsp;&nbsp;&nbsp;&nbsp;&nbsp;&nbsp;&nbsp;&nbsp;&nbsp;&nbsp; &nbsp;&nbsp;&nbsp;&nbsp;&nbsp;&nbsp;&nbsp;&nbsp;&nbsp;&nbsp;&nbsp;&nbsp;&nbsp;&nbsp;&nbsp;&nbsp;&nbsp;&nbsp;&nbsp;&nbsp;&nbsp;&nbsp;&nbsp;&nbsp;&nbsp;&nbsp;&nbsp;&nbsp;&nbsp;&nbsp;&nbsp;&nbsp;&nbsp;&nbsp;&nbsp;&nbsp;&nbsp;&nbsp;&nbsp;&nbsp;&nbsp;&nbsp;&nbsp;&nbsp;&nbsp;&nbsp;&nbsp;&nbsp;&nbsp;&nbsp;&nbsp;&nbsp;&nbsp;&nbsp;&nbsp;&nbsp;&nbsp;&nbsp;&nbsp;&nbsp;&nbsp;&nbsp;&nbsp;&nbsp;&nbsp;&nbsp;&nbsp;&nbsp;&nbsp;&nbsp;&nbsp;&nbsp;&nbsp;&nbsp;&nbsp;&nbsp;&nbsp;&nbsp;&nbsp;&nbsp;&nbsp; Rita Kr\u00fcger, 30. Juli 2019 <\/p>\n\n\n\n<p><\/p>\n\n\n\n<figure class=\"wp-block-image\"><img loading=\"lazy\" decoding=\"async\" width=\"1024\" height=\"768\" src=\"https:\/\/heimat-und-geschichtsverein-buxtehude.de\/wp-content\/uploads\/2019\/08\/2019-05-16-Gorch-Fock-Huus-1024x768.jpg\" alt=\"\" class=\"wp-image-1437\" srcset=\"https:\/\/heimat-und-geschichtsverein-buxtehude.de\/wp-content\/uploads\/2019\/08\/2019-05-16-Gorch-Fock-Huus-1024x768.jpg 1024w, https:\/\/heimat-und-geschichtsverein-buxtehude.de\/wp-content\/uploads\/2019\/08\/2019-05-16-Gorch-Fock-Huus-300x225.jpg 300w, https:\/\/heimat-und-geschichtsverein-buxtehude.de\/wp-content\/uploads\/2019\/08\/2019-05-16-Gorch-Fock-Huus-768x576.jpg 768w, https:\/\/heimat-und-geschichtsverein-buxtehude.de\/wp-content\/uploads\/2019\/08\/2019-05-16-Gorch-Fock-Huus-150x113.jpg 150w\" sizes=\"(max-width: 1024px) 100vw, 1024px\" \/><figcaption>Die Gruppe vor dem Gorck Fock Haus<br>&#8212;&#8212;&#8212;&#8212;&#8212;&#8212;&#8212;&#8212;&#8212;&#8212;&#8212;&#8212;&#8212;&#8212;&#8212;&#8212;&#8212;&#8212;&#8212;&#8212;&#8212;&#8212;&#8212;&#8212;&#8212;&#8212;&#8212;&#8212;&#8212;&#8212;&#8212;&#8212;&#8212;&#8212;&#8212;&#8212;&#8212;&#8212;&#8212;&#8212;&#8212;&#8212;&#8212;&#8212;&#8212;&#8212;&#8212;&#8211;<\/figcaption><\/figure>\n\n\n\n<p><strong>16. Mai 2018: \u00d6velg\u00f6nne T\u00f6rn op plattd\u00fc\u00fctsch<\/strong><\/p>\n\n\n\n<p>Mit\n16 Teilnehmern sind wir gelaufen von Teufelsbr\u00fcck bis zum Museumshaven\nNeum\u00fchlen. Unterwegs wurden wir pr\u00e4chtig informiert, &nbsp;sowohl geschichtlich wie auch \u00fcber Pflanzen\nund Kr\u00e4uter, &nbsp;von dem pfiffigen\nStadtf\u00fchrer Frank Lehmann. Alles auf Plattdeutsch. Auch einen D\u00f6ntje &nbsp;hatte er bei jeder Gelegenheit auf der Zunge. Auf\ndem Weg hatten wir eine Besichtigung im Museum Oevelg\u00f6nner Seekiste. Allerhand\nKurioses und Spektakul\u00e4res bekamen wir zu sehen, ungew\u00f6hnliche Sch\u00e4tze aus der\nSeefahrtsgeschichte. Dort wurde uns auch eine Kartoffelsuppe mit Krabben\nserviert. Beim Essen wurde reichlich Seemansgarn gesponnen. &nbsp;Alle Mitglieder waren nach dieser Tour mit\nBahn, Bus und F\u00e4hre gl\u00fccklich \u00fcber den ereignisreichen Tag. <\/p>\n\n\n\n<p>&nbsp;&nbsp;&nbsp;&nbsp;&nbsp;&nbsp;&nbsp;&nbsp;&nbsp;&nbsp;&nbsp;&nbsp;&nbsp;&nbsp;&nbsp;&nbsp;&nbsp;&nbsp;&nbsp;&nbsp;&nbsp;&nbsp;&nbsp;&nbsp;&nbsp;&nbsp;&nbsp;&nbsp;&nbsp;&nbsp;&nbsp;&nbsp;&nbsp;&nbsp;&nbsp;&nbsp;&nbsp;&nbsp;&nbsp;&nbsp;&nbsp;&nbsp;&nbsp;&nbsp;&nbsp;&nbsp;&nbsp;&nbsp;&nbsp;&nbsp;&nbsp;&nbsp;&nbsp;&nbsp;&nbsp;&nbsp;&nbsp;&nbsp;&nbsp;&nbsp;&nbsp;&nbsp;&nbsp;&nbsp;&nbsp;&nbsp;&nbsp;&nbsp;&nbsp;&nbsp;&nbsp;&nbsp;&nbsp;&nbsp;&nbsp;&nbsp;&nbsp;&nbsp;&nbsp;&nbsp;&nbsp;&nbsp;&nbsp;&nbsp;&nbsp;&nbsp;&nbsp;&nbsp;&nbsp;&nbsp;&nbsp;&nbsp;&nbsp;&nbsp;&nbsp;&nbsp;&nbsp;&nbsp;&nbsp;&nbsp;&nbsp;&nbsp;&nbsp;&nbsp;&nbsp;&nbsp;&nbsp;&nbsp;&nbsp;&nbsp;&nbsp;&nbsp;&nbsp;&nbsp;&nbsp;&nbsp;&nbsp;&nbsp;&nbsp;&nbsp;&nbsp;&nbsp;&nbsp;&nbsp;&nbsp;&nbsp;&nbsp;&nbsp;&nbsp;&nbsp;&nbsp;&nbsp;&nbsp;&nbsp;&nbsp;&nbsp;&nbsp;&nbsp;&nbsp;\nRita Kr\u00fcger 29.07.2019<\/p>\n\n\n\n<figure class=\"wp-block-image\"><img loading=\"lazy\" decoding=\"async\" width=\"1024\" height=\"576\" src=\"https:\/\/heimat-und-geschichtsverein-buxtehude.de\/wp-content\/uploads\/2019\/08\/20180516_111610-1024x576.jpg\" alt=\"\" class=\"wp-image-1442\" srcset=\"https:\/\/heimat-und-geschichtsverein-buxtehude.de\/wp-content\/uploads\/2019\/08\/20180516_111610-1024x576.jpg 1024w, https:\/\/heimat-und-geschichtsverein-buxtehude.de\/wp-content\/uploads\/2019\/08\/20180516_111610-300x169.jpg 300w, https:\/\/heimat-und-geschichtsverein-buxtehude.de\/wp-content\/uploads\/2019\/08\/20180516_111610-768x432.jpg 768w, https:\/\/heimat-und-geschichtsverein-buxtehude.de\/wp-content\/uploads\/2019\/08\/20180516_111610-150x84.jpg 150w\" sizes=\"(max-width: 1024px) 100vw, 1024px\" \/><figcaption><strong>Endlich Schatten<\/strong><br>&#8212;&#8212;&#8212;&#8212;&#8212;&#8212;&#8212;&#8212;&#8212;&#8212;&#8212;&#8212;&#8212;&#8212;&#8212;&#8212;&#8212;&#8212;&#8212;&#8212;&#8212;&#8212;&#8212;&#8212;&#8212;&#8212;&#8212;&#8212;&#8212;&#8212;&#8212;&#8212;&#8212;&#8212;&#8212;&#8212;&#8212;&#8212;&#8212;&#8212;&#8212;&#8212;&#8212;&#8212;&#8212;&#8211;<\/figcaption><\/figure>\n\n\n\n<p><strong>5. September 2019:<\/strong> <strong>Tagesfahrt nach Hamburg<\/strong> <strong>mit Besuch des St. Nikolai-Mahnmals<\/strong><\/p>\n\n\n\n<p>Am\n5. September 2019 machte sich eine Gruppe von 18 Mitgliedern des Heimat- und\nGeschichtsvereins Buxtehude e.V. &nbsp;auf die\nReise nach Hamburg, zun\u00e4chst zum Mahnmal St. Nikolai. Die ehemalige\nHauptkirche, eine der f\u00fcnf Hamburger Hauptkirchen, wurde bei einem Luftangriff\n1943 zerbombt und ist heute ein Erinnerungsort f\u00fcr die Opfer, Zerst\u00f6rungen und\nGr\u00e4ueltaten w\u00e4hrend der Jahre 1933 bis 1945. Der hohe Kirchturm von 147,3 m\nblieb stehen, w\u00e4hrend Kirchenschiff und Altarraum bis auf die Grundmauern der\nZerst\u00f6rung zum Opfer fielen. Im Turm gibt es ein durch private Spenden\nerm\u00f6glichtes Carillon mit 51 Glocken, das uns um 12 Uhr eine halbe Stunde lang\nmit Musik erfreute. Es begann mit dem bekannten Hamburger Lied \u201eAn de Eck\nsteiht\u2018n Jung mit\u2019n T\u00fcdelband\u201c. Im Altarraum befindet sich ein Mosaikbild von\nOskar Kokoschka, das den gekreuzigten Christus zeigt, und im ehemaligen S\u00fcdschiff\neine in Verzweiflung in sich versunkene Bronzefigur, die auf einem Steinhaufen\nsitzt. Dieser Steinhaufen stammt aus dem ehemaligen Kriegsgefangenenlager\nSandbostel, in der N\u00e4he von Bremerv\u00f6rde gelegen. In diesem Lager fanden mehr\nals 50.000 Menschen den Tod.<\/p>\n\n\n\n<p>In\ndem unzerst\u00f6rten Gew\u00f6lbe unter dem ehemaligen Kirchenschiff befindet sich ein\nMuseum, wo eine Dauerausstellung zum Thema \u201eGomorrha 1943 \u2013 Die Zerst\u00f6rung\nHamburgs im Luftkrieg\u201c zu sehen ist.<\/p>\n\n\n\n<div class=\"wp-block-image\"><figure class=\"alignright\"><img loading=\"lazy\" decoding=\"async\" width=\"170\" height=\"377\" src=\"https:\/\/heimat-und-geschichtsverein-buxtehude.de\/wp-content\/uploads\/2019\/09\/170px-Hamburg_StNikolai_Panorama-3.jpg\" alt=\"\" class=\"wp-image-1487\" srcset=\"https:\/\/heimat-und-geschichtsverein-buxtehude.de\/wp-content\/uploads\/2019\/09\/170px-Hamburg_StNikolai_Panorama-3.jpg 170w, https:\/\/heimat-und-geschichtsverein-buxtehude.de\/wp-content\/uploads\/2019\/09\/170px-Hamburg_StNikolai_Panorama-3-135x300.jpg 135w, https:\/\/heimat-und-geschichtsverein-buxtehude.de\/wp-content\/uploads\/2019\/09\/170px-Hamburg_StNikolai_Panorama-3-68x150.jpg 68w\" sizes=\"(max-width: 170px) 100vw, 170px\" \/><figcaption>St.Nikolai<\/figcaption><\/figure><\/div>\n\n\n\n<p>Anschlie\u00dfend hieran ging es in den Kolonialwarenladen\nin der Deichstra\u00dfe zu einer kr\u00e4ftigen Haumannskost, einer Tomatensuppe mit\nMettwurstenden. Hier hatte man einen wunderbaren Blick auf das Nikolaifleet,\ndas die Alster mit der Elbe verbindet.Nach einem kurzen Blick auf die Statue einer Vierl\u00e4nderin\n(als Erinnerung an die Belieferung Hamburgs mit Gem\u00fcse durch Vierl\u00e4nder Bauern)\nauf dem Hopfenmarkt (wo in fr\u00fcheren Zeiten der Hopfen f\u00fcr die ca. 600\nBrauereien in Hamburg angeliefert wurde) passierten wir &nbsp;die Trostbr\u00fccke, auf deren Gel\u00e4nder eine\nStatue des Bischofs Ansgar&nbsp; steht, der an\nder M\u00fcndung der Alster in die Elbe eine kleine Kirche bauen lie\u00df. Ihm gegen\u00fcber\nbefindet sich eine Statue des Grafen Adolf III. zu Schauenburg-Holstein, des\nGr\u00fcnders der weltlichen Neustadt. Weiter ging es vorbei an der Patriotischen\nGesellschaft, auf deren Gel\u00e4nde vor dem Hamburger Brand von 1842 das alte\nHamburger Rathaus stand. Am Afrika-Haus in der Gro\u00dfen\nReichenstra\u00dfe, dem Kontorhaus der zur Kolonialzeit in Afrika t\u00e4tigen Firma C.\nWoermann, bestaunten wir die Bronzestatue eines afrikanischen Kriegers im\nEingangsbereich und im Innenhof zwei riesige gusseiserne Elefanten. Weiter ging\nes zum Domplatz. Hier sahen wir uns die dort an der Stelle aufgestellten\nRuheb\u00e4nke an, wo \u00fcber Jahrhunderte die S\u00e4ulen des Mariendomes standen, der\nschlie\u00dflich Anfang des 19. Jahrhunderts abgerissen wurde. Der heute in der\nJakobi-Kirche befindliche Luks-Altar stammt von dort.<\/p>\n\n\n\n<p>Bevor wir uns wieder auf die R\u00fcckreise begaben, hie\u00df\nuns Pastor Bernd Lohse, der&nbsp; aus Buxtehude\nstammende Pilgerpastor von St. Jakobi sehr herzlich willkommen und f\u00fchrte uns, bevor\nwir ein halbst\u00fcndiges Konzert auf der gr\u00f6\u00dften Schnittger-Orgel h\u00f6rten, durch\nseine Kirche,<\/p>\n\n\n\n<p>Es war ein erlebnisreicher Tag durch viele Jahrhunderte Hamburger Geschichte, insbesondere aber in Erinnerung an den Zweiten Weltkrieg, der am 1. September 1939 (also vor achtzig Jahren) mit dem \u00dcberfall deutscher Streitkr\u00e4fte auf Polen begann.<\/p>\n\n\n\n<p>Antje Ghosh <br>&#8212;&#8212;&#8212;&#8212;&#8212;&#8212;&#8212;&#8212;&#8212;&#8212;&#8212;&#8212;&#8212;&#8212;&#8212;&#8212;&#8212;&#8212;&#8212;&#8212;&#8212;&#8212;&#8212;&#8212;&#8212;&#8212;&#8212;&#8212;&#8212;&#8212;&#8212;&#8212;&#8212;&#8212;&#8212;&#8212;&#8212;&#8212;&#8212;&#8212;&#8212;&#8212;&#8212;&#8212;&#8211;<\/p>\n\n\n\n<p><strong>28. September 2019:<\/strong> <strong>\u201eAuf\nden Spuren der Bertinis\u201c<\/strong><\/p>\n\n\n\n<div class=\"wp-block-image\"><figure class=\"alignright\"><img loading=\"lazy\" decoding=\"async\" width=\"200\" height=\"300\" src=\"https:\/\/heimat-und-geschichtsverein-buxtehude.de\/wp-content\/uploads\/2019\/10\/ce4b4ce342.jpg\" alt=\"\" class=\"wp-image-1497\" srcset=\"https:\/\/heimat-und-geschichtsverein-buxtehude.de\/wp-content\/uploads\/2019\/10\/ce4b4ce342.jpg 200w, https:\/\/heimat-und-geschichtsverein-buxtehude.de\/wp-content\/uploads\/2019\/10\/ce4b4ce342-100x150.jpg 100w\" sizes=\"(max-width: 200px) 100vw, 200px\" \/><\/figure><\/div>\n\n\n\n<p>Am 28. September\nwar eine dieses Mal lediglich 13 Personen umfassende Gruppe in Hamburg\nunterwegs. Mit der R5 (\u201eStart\u201c) ging es zum Hauptbahnhof (ohne Versp\u00e4tung) und\nvon dort weiter mit der U3 bis zum Bahnhof Barmbek. Dort begannen wir unseren\nliterarischen Spaziergang \u201eAuf den Spuren der Bertinis\u201c mit der\nGeschichtswerkstatt Barmbek \/ Herrn Michael Grill. <\/p>\n\n\n\n<p>Der Spaziergang beruht auf dem Roman \u201eDie Bertinis\u201c\nvon Ralph Giordano und bildet zum gro\u00dfen Teil das Schicksal seiner Familie mit\neiner j\u00fcdischen Mutter in der NS-Zeit ab. Wie der Teil Barmbeks zu jener Zeit\naussah, als Ralph Giordano dort aufwuchs, konnte nur anhand zahlreicher, von\nHerrn Grill mitgebrachter Fotos deutlich gemacht werden. Er berichtete, dass\nw\u00e4hrend der Operation Gomorrha Barmbek zu 75% durch die Bombardements der\nAlliierten zerst\u00f6rt wurde. F\u00fcr die gesamte dort ans\u00e4ssige Bev\u00f6lkerung war es\neine schreckliche Zeit, mehr noch f\u00fcr die, die von den Nationalsozialisten\nverfolgt und ermordet wurden. Die Mutter Ralph Giordanos entging diesem\nSchicksal lediglich durch das Handeln einer einzigen mutigen Frau. <\/p>\n\n\n\n<p>Nach dem zweist\u00fcndigen Rundgang, gl\u00fccklicherweise ohne Regen, war eine St\u00e4rkung n\u00f6tig, und so nahmen wir Platz im Fabrik-Caf\u00e9 in der ehemaligen New-York Hamburger Gummi-Waaren Compagnie (heute Museum der Arbeit). Danach traten wir die R\u00fcckreise an, wieder mit der U3 und dem \u201eStart\u201c \u2013 und auch dieses Mal wieder ohne Versp\u00e4tung.<\/p>\n\n\n\n<p>Antje Ghosh<\/p>\n\n\n\n<p>&#8212;&#8212;&#8212;&#8212;&#8212;&#8212;&#8212;&#8212;&#8212;&#8212;&#8212;&#8212;&#8212;&#8212;&#8212;&#8212;&#8212;&#8212;&#8212;&#8212;&#8212;&#8212;&#8212;&#8212;&#8212;&#8212;&#8212;&#8212;&#8212;&#8212;&#8212;&#8212;&#8212;&#8212;&#8212;&#8212;&#8212;&#8212;&#8212;&#8212;-<\/p>\n\n\n\n<p><strong>Zum 6. Dezember 2019<\/strong> hatte der Heimat- und Geschichtsverein Buxtehude e.V. seine Mitglieder sowie deren Freunde und Bekannte eingeladen zu <strong>Wort und Musik zur Adventszeit.<\/strong><br><img loading=\"lazy\" decoding=\"async\" width=\"215\" height=\"120\" class=\"wp-image-1634\" style=\"width: 150px;\" src=\"https:\/\/heimat-und-geschichtsverein-buxtehude.de\/wp-content\/uploads\/2019\/12\/Adventskranz.jpg\" alt=\"\" srcset=\"https:\/\/heimat-und-geschichtsverein-buxtehude.de\/wp-content\/uploads\/2019\/12\/Adventskranz.jpg 215w, https:\/\/heimat-und-geschichtsverein-buxtehude.de\/wp-content\/uploads\/2019\/12\/Adventskranz-150x84.jpg 150w\" sizes=\"(max-width: 215px) 100vw, 215px\" \/><br> An diesem Nachmittag musizierte das Renaissance-Ensemble Buxtehude mit <br> Kerstin Ellerbusch, Wiebke Putz, Ines Kuhn, Sascha Kramer, J\u00f6rg Hofmann und <br>  Wolfgang Wissemann auf Gemsh\u00f6rnern, Blockfl\u00f6ten, Krummh\u00f6rnern,  Cornamuse, Schalmei, Pommern, Dulcianen und Schlaginstrumenten und  erfreute die Zuh\u00f6rer mit Musik aus der Renaissance-Zeit. Das \u00e4lteste  gespielte St\u00fcck entstammt einer Erfurter Handschrift um das Jahr 1394. <br>  Eingerahmt wurden die Musikst\u00fccke von mehreren Lesungen: zwei  plattdeutschen Geschichten, dem Kaschubischen Weihnachtslied von Werner  Bergengruen und einer kurzen Geschichte aus j\u00fcdischer Sicht \u00fcber  Chanukka und Weihnachten &#8211; als heimatliche und geschichtliche Beitr\u00e4ge  zu dem adventlichen Nachmittag. <br> Es blieb aber auch noch ausreichend Zeit f\u00fcr Kaffee und Kuchen sowie angeregte Gespr\u00e4che untereinander.<br> Wie mehrfach best\u00e4tigt wurde, fand dieser besinnliche Nachmittag gro\u00dfe Zustimmung.  <\/p>\n\n\n\n<p>Antje Ghosh<\/p>\n","protected":false},"excerpt":{"rendered":"<p>AG Exkursionen F\u00fcr Mitglieder und Freunde des Heimatvereins bieten wir Exkursionen zu verschiedenen Themenbereichen an.&nbsp; Jahresprogramm 2020 der AG Exkursionen Achtung, f\u00fcr 2020 m\u00fcssen leider alle Termin wegen Corona entfallen. 29.05.2020, 12 Uhr:&nbsp; Eine kulinarische Weltreise &#8211; mit St. Georg-Informationen und H\u00e4ppchen zu f\u00fcnf Stationen Der Rundgang wird veranstaltet, wenn\u2026<\/p>\n<p> <a class=\"continue-reading-link\" href=\"https:\/\/heimat-und-geschichtsverein-buxtehude.de\/?page_id=180\"><span>Continue reading<\/span><i class=\"crycon-right-dir\"><\/i><\/a> <\/p>\n","protected":false},"author":1,"featured_media":0,"parent":0,"menu_order":0,"comment_status":"closed","ping_status":"closed","template":"","meta":{"ngg_post_thumbnail":0,"footnotes":""},"yoast_head":"<!-- This site is optimized with the Yoast SEO plugin v23.5 - https:\/\/yoast.com\/wordpress\/plugins\/seo\/ -->\n<title>Exkursionen - Heimat- und Geschichtsverein Buxtehude<\/title>\n<meta name=\"robots\" content=\"index, follow, max-snippet:-1, max-image-preview:large, max-video-preview:-1\" \/>\n<link rel=\"canonical\" href=\"https:\/\/heimat-und-geschichtsverein-buxtehude.de\/?page_id=180\" \/>\n<meta property=\"og:locale\" content=\"de_DE\" \/>\n<meta property=\"og:type\" content=\"article\" \/>\n<meta property=\"og:title\" content=\"Exkursionen - Heimat- und Geschichtsverein Buxtehude\" \/>\n<meta property=\"og:description\" content=\"AG Exkursionen F\u00fcr Mitglieder und Freunde des Heimatvereins bieten wir Exkursionen zu verschiedenen Themenbereichen an.&nbsp; Jahresprogramm 2020 der AG Exkursionen Achtung, f\u00fcr 2020 m\u00fcssen leider alle Termin wegen Corona entfallen. 29.05.2020, 12 Uhr:&nbsp; Eine kulinarische Weltreise &#8211; mit St. Georg-Informationen und H\u00e4ppchen zu f\u00fcnf Stationen Der Rundgang wird veranstaltet, wenn\u2026 Continue reading\" \/>\n<meta property=\"og:url\" content=\"https:\/\/heimat-und-geschichtsverein-buxtehude.de\/?page_id=180\" \/>\n<meta property=\"og:site_name\" content=\"Heimat- und Geschichtsverein Buxtehude\" \/>\n<meta property=\"article:modified_time\" content=\"2020-05-28T16:09:21+00:00\" \/>\n<meta property=\"og:image\" content=\"https:\/\/heimat-und-geschichtsverein-buxtehude.de\/wp-content\/uploads\/2019\/08\/2019-05-16-Gorch-Fock-Huus-1024x768.jpg\" \/>\n<meta name=\"twitter:card\" content=\"summary_large_image\" \/>\n<meta name=\"twitter:label1\" content=\"Gesch\u00e4tzte Lesezeit\" \/>\n\t<meta name=\"twitter:data1\" content=\"9\u00a0Minuten\" \/>\n<script type=\"application\/ld+json\" class=\"yoast-schema-graph\">{\"@context\":\"https:\/\/schema.org\",\"@graph\":[{\"@type\":\"WebPage\",\"@id\":\"https:\/\/heimat-und-geschichtsverein-buxtehude.de\/?page_id=180\",\"url\":\"https:\/\/heimat-und-geschichtsverein-buxtehude.de\/?page_id=180\",\"name\":\"Exkursionen - Heimat- und Geschichtsverein Buxtehude\",\"isPartOf\":{\"@id\":\"https:\/\/heimat-und-geschichtsverein-buxtehude.de\/#website\"},\"primaryImageOfPage\":{\"@id\":\"https:\/\/heimat-und-geschichtsverein-buxtehude.de\/?page_id=180#primaryimage\"},\"image\":{\"@id\":\"https:\/\/heimat-und-geschichtsverein-buxtehude.de\/?page_id=180#primaryimage\"},\"thumbnailUrl\":\"https:\/\/heimat-und-geschichtsverein-buxtehude.de\/wp-content\/uploads\/2019\/08\/2019-05-16-Gorch-Fock-Huus-1024x768.jpg\",\"datePublished\":\"2018-02-26T20:00:53+00:00\",\"dateModified\":\"2020-05-28T16:09:21+00:00\",\"breadcrumb\":{\"@id\":\"https:\/\/heimat-und-geschichtsverein-buxtehude.de\/?page_id=180#breadcrumb\"},\"inLanguage\":\"de\",\"potentialAction\":[{\"@type\":\"ReadAction\",\"target\":[\"https:\/\/heimat-und-geschichtsverein-buxtehude.de\/?page_id=180\"]}]},{\"@type\":\"ImageObject\",\"inLanguage\":\"de\",\"@id\":\"https:\/\/heimat-und-geschichtsverein-buxtehude.de\/?page_id=180#primaryimage\",\"url\":\"https:\/\/heimat-und-geschichtsverein-buxtehude.de\/wp-content\/uploads\/2019\/08\/2019-05-16-Gorch-Fock-Huus.jpg\",\"contentUrl\":\"https:\/\/heimat-und-geschichtsverein-buxtehude.de\/wp-content\/uploads\/2019\/08\/2019-05-16-Gorch-Fock-Huus.jpg\",\"width\":4032,\"height\":3024},{\"@type\":\"BreadcrumbList\",\"@id\":\"https:\/\/heimat-und-geschichtsverein-buxtehude.de\/?page_id=180#breadcrumb\",\"itemListElement\":[{\"@type\":\"ListItem\",\"position\":1,\"name\":\"Startseite\",\"item\":\"https:\/\/heimat-und-geschichtsverein-buxtehude.de\/\"},{\"@type\":\"ListItem\",\"position\":2,\"name\":\"Exkursionen\"}]},{\"@type\":\"WebSite\",\"@id\":\"https:\/\/heimat-und-geschichtsverein-buxtehude.de\/#website\",\"url\":\"https:\/\/heimat-und-geschichtsverein-buxtehude.de\/\",\"name\":\"Heimat- und Geschichtsverein Buxtehude\",\"description\":\"Heimatverein, Geschichtsverein, Buxtehude\",\"potentialAction\":[{\"@type\":\"SearchAction\",\"target\":{\"@type\":\"EntryPoint\",\"urlTemplate\":\"https:\/\/heimat-und-geschichtsverein-buxtehude.de\/?s={search_term_string}\"},\"query-input\":{\"@type\":\"PropertyValueSpecification\",\"valueRequired\":true,\"valueName\":\"search_term_string\"}}],\"inLanguage\":\"de\"}]}<\/script>\n<!-- \/ Yoast SEO plugin. -->","yoast_head_json":{"title":"Exkursionen - Heimat- und Geschichtsverein Buxtehude","robots":{"index":"index","follow":"follow","max-snippet":"max-snippet:-1","max-image-preview":"max-image-preview:large","max-video-preview":"max-video-preview:-1"},"canonical":"https:\/\/heimat-und-geschichtsverein-buxtehude.de\/?page_id=180","og_locale":"de_DE","og_type":"article","og_title":"Exkursionen - Heimat- und Geschichtsverein Buxtehude","og_description":"AG Exkursionen F\u00fcr Mitglieder und Freunde des Heimatvereins bieten wir Exkursionen zu verschiedenen Themenbereichen an.&nbsp; Jahresprogramm 2020 der AG Exkursionen Achtung, f\u00fcr 2020 m\u00fcssen leider alle Termin wegen Corona entfallen. 29.05.2020, 12 Uhr:&nbsp; Eine kulinarische Weltreise &#8211; mit St. Georg-Informationen und H\u00e4ppchen zu f\u00fcnf Stationen Der Rundgang wird veranstaltet, wenn\u2026 Continue reading","og_url":"https:\/\/heimat-und-geschichtsverein-buxtehude.de\/?page_id=180","og_site_name":"Heimat- und Geschichtsverein Buxtehude","article_modified_time":"2020-05-28T16:09:21+00:00","og_image":[{"url":"https:\/\/heimat-und-geschichtsverein-buxtehude.de\/wp-content\/uploads\/2019\/08\/2019-05-16-Gorch-Fock-Huus-1024x768.jpg"}],"twitter_card":"summary_large_image","twitter_misc":{"Gesch\u00e4tzte Lesezeit":"9\u00a0Minuten"},"schema":{"@context":"https:\/\/schema.org","@graph":[{"@type":"WebPage","@id":"https:\/\/heimat-und-geschichtsverein-buxtehude.de\/?page_id=180","url":"https:\/\/heimat-und-geschichtsverein-buxtehude.de\/?page_id=180","name":"Exkursionen - Heimat- und Geschichtsverein Buxtehude","isPartOf":{"@id":"https:\/\/heimat-und-geschichtsverein-buxtehude.de\/#website"},"primaryImageOfPage":{"@id":"https:\/\/heimat-und-geschichtsverein-buxtehude.de\/?page_id=180#primaryimage"},"image":{"@id":"https:\/\/heimat-und-geschichtsverein-buxtehude.de\/?page_id=180#primaryimage"},"thumbnailUrl":"https:\/\/heimat-und-geschichtsverein-buxtehude.de\/wp-content\/uploads\/2019\/08\/2019-05-16-Gorch-Fock-Huus-1024x768.jpg","datePublished":"2018-02-26T20:00:53+00:00","dateModified":"2020-05-28T16:09:21+00:00","breadcrumb":{"@id":"https:\/\/heimat-und-geschichtsverein-buxtehude.de\/?page_id=180#breadcrumb"},"inLanguage":"de","potentialAction":[{"@type":"ReadAction","target":["https:\/\/heimat-und-geschichtsverein-buxtehude.de\/?page_id=180"]}]},{"@type":"ImageObject","inLanguage":"de","@id":"https:\/\/heimat-und-geschichtsverein-buxtehude.de\/?page_id=180#primaryimage","url":"https:\/\/heimat-und-geschichtsverein-buxtehude.de\/wp-content\/uploads\/2019\/08\/2019-05-16-Gorch-Fock-Huus.jpg","contentUrl":"https:\/\/heimat-und-geschichtsverein-buxtehude.de\/wp-content\/uploads\/2019\/08\/2019-05-16-Gorch-Fock-Huus.jpg","width":4032,"height":3024},{"@type":"BreadcrumbList","@id":"https:\/\/heimat-und-geschichtsverein-buxtehude.de\/?page_id=180#breadcrumb","itemListElement":[{"@type":"ListItem","position":1,"name":"Startseite","item":"https:\/\/heimat-und-geschichtsverein-buxtehude.de\/"},{"@type":"ListItem","position":2,"name":"Exkursionen"}]},{"@type":"WebSite","@id":"https:\/\/heimat-und-geschichtsverein-buxtehude.de\/#website","url":"https:\/\/heimat-und-geschichtsverein-buxtehude.de\/","name":"Heimat- und Geschichtsverein Buxtehude","description":"Heimatverein, Geschichtsverein, Buxtehude","potentialAction":[{"@type":"SearchAction","target":{"@type":"EntryPoint","urlTemplate":"https:\/\/heimat-und-geschichtsverein-buxtehude.de\/?s={search_term_string}"},"query-input":{"@type":"PropertyValueSpecification","valueRequired":true,"valueName":"search_term_string"}}],"inLanguage":"de"}]}},"_links":{"self":[{"href":"https:\/\/heimat-und-geschichtsverein-buxtehude.de\/index.php?rest_route=\/wp\/v2\/pages\/180"}],"collection":[{"href":"https:\/\/heimat-und-geschichtsverein-buxtehude.de\/index.php?rest_route=\/wp\/v2\/pages"}],"about":[{"href":"https:\/\/heimat-und-geschichtsverein-buxtehude.de\/index.php?rest_route=\/wp\/v2\/types\/page"}],"author":[{"embeddable":true,"href":"https:\/\/heimat-und-geschichtsverein-buxtehude.de\/index.php?rest_route=\/wp\/v2\/users\/1"}],"replies":[{"embeddable":true,"href":"https:\/\/heimat-und-geschichtsverein-buxtehude.de\/index.php?rest_route=%2Fwp%2Fv2%2Fcomments&post=180"}],"version-history":[{"count":33,"href":"https:\/\/heimat-und-geschichtsverein-buxtehude.de\/index.php?rest_route=\/wp\/v2\/pages\/180\/revisions"}],"predecessor-version":[{"id":1750,"href":"https:\/\/heimat-und-geschichtsverein-buxtehude.de\/index.php?rest_route=\/wp\/v2\/pages\/180\/revisions\/1750"}],"wp:attachment":[{"href":"https:\/\/heimat-und-geschichtsverein-buxtehude.de\/index.php?rest_route=%2Fwp%2Fv2%2Fmedia&parent=180"}],"curies":[{"name":"wp","href":"https:\/\/api.w.org\/{rel}","templated":true}]}}