{"id":135,"date":"2018-02-26T17:33:58","date_gmt":"2018-02-26T17:33:58","guid":{"rendered":"http:\/\/heimat-und-geschichtsverein-buxtehude.de\/?page_id=135"},"modified":"2018-03-16T10:56:35","modified_gmt":"2018-03-16T10:56:35","slug":"zeittafel","status":"publish","type":"page","link":"https:\/\/heimat-und-geschichtsverein-buxtehude.de\/?page_id=135","title":{"rendered":"Zeittafel"},"content":{"rendered":"<h1>Zeittafel zur Geschichte des Heimat- und Geschichtsvereins<\/h1>\n<table>\n<tbody>\n<tr>\n<td>25. Okt. 1880<\/td>\n<td>Gr\u00fcndung des \u201eVereins zur Gr\u00fcndung und Unterst\u00fctzung einer st\u00e4dtischen kunsthistorischen und kunstgewerblichen Sammlung\u201c<\/td>\n<\/tr>\n<tr>\n<td>1. April 1881<\/td>\n<td>Die Sammlung ist erstmals auf dem ausgebauten Dachboden des Rathauses zu besichtigen.<\/td>\n<\/tr>\n<tr>\n<td>27. Juni 1907<\/td>\n<td>Neugr\u00fcndung als Museumsverein<\/td>\n<\/tr>\n<tr>\n<td>9. Februar 1913<\/td>\n<td>Julius C\u00e4sar K\u00e4hler, Mitglied des Buxtehuder Magistrats und Senator von 1891 bis 1896, schenkt dem Museumsverein das Heimatmuseum am St.-Petri-Platz.<\/td>\n<\/tr>\n<tr>\n<td>9. Juni 1914<\/td>\n<td>Kauf des Marschtorzwingers<\/td>\n<\/tr>\n<tr>\n<td>16. Dezember 1938<\/td>\n<td>Vereinigung des Museumsvereins mit dem am 1. Mai 1877 gegr\u00fcndeten Fremdenverkehrs- und Versch\u00f6nerungsverein Buxtehude und Umgebung zum Heimatverein Buxtehude e.V.<\/td>\n<\/tr>\n<tr>\n<td>18. September 1973<\/td>\n<td>Kauf des Abthauses<\/td>\n<\/tr>\n<tr>\n<td>1976<\/td>\n<td>Bildung der Vogelkundlichen Arbeitsgemeinschaft<\/td>\n<\/tr>\n<tr>\n<td>1977<\/td>\n<td>Vollst\u00e4ndige Restaurierung des Abthauses<\/td>\n<\/tr>\n<tr>\n<td>1981<\/td>\n<td>Bildung der Arbeitsgemeinschaft Botanik<\/td>\n<\/tr>\n<tr>\n<td>1986<\/td>\n<td>Bildung der Arbeitsgemeinschaft Literatur<\/td>\n<\/tr>\n<tr>\n<td>1988<\/td>\n<td>Bildung der Aktivgruppe<\/td>\n<\/tr>\n<tr>\n<td>22. Februar 1989<\/td>\n<td>Die Stadt Buxtehude, der Landkreis Stade und der Heimatverein gr\u00fcnden gemeinsam den Museumsverein Buxtehude e.V. als Tr\u00e4gerverein f\u00fcr das im Entstehen begriffene Buxtehude\u00b7Museum f\u00fcr Regionalgeschichte und Kunst.<\/td>\n<\/tr>\n<tr>\n<td>6. Juni 2002<\/td>\n<td>Verschmelzung des Heimatvereins Buxtehude e.V. mit dem Verein Haus Fischerstra\u00dfe 3 e.V. zum Heimatverein Buxtehude Haus Fischerstra\u00dfe 3. e.V. und damit \u00dcbernahme der H\u00e4user Fischerstra\u00dfe 3 und Stavenort 16<\/td>\n<\/tr>\n<tr>\n<td>2011<\/td>\n<td>Bildung der Plattdeutsch-Gruppe \u2013 auch bekannt als NettwarkPlatt<\/td>\n<\/tr>\n<tr>\n<td>2017<\/td>\n<td>Neue Satzung und Umbenennung in Heimat- und Geschichtsverein Buxtehude.<\/td>\n<\/tr>\n<tr>\n<td valign=\"top\"><img loading=\"lazy\" decoding=\"async\" class=\"alignleft size-full wp-image-780\" src=\"http:\/\/heimat-und-geschichtsverein-buxtehude.de\/wp-content\/uploads\/2018\/02\/thumbs_heimatmuseum_2090.jpg\" alt=\"\" width=\"261\" height=\"174\" srcset=\"https:\/\/heimat-und-geschichtsverein-buxtehude.de\/wp-content\/uploads\/2018\/02\/thumbs_heimatmuseum_2090.jpg 261w, https:\/\/heimat-und-geschichtsverein-buxtehude.de\/wp-content\/uploads\/2018\/02\/thumbs_heimatmuseum_2090-150x100.jpg 150w\" sizes=\"(max-width: 261px) 100vw, 261px\" \/><\/td>\n<td><b>Heimatmuseum<\/b><br \/>\nErbaut 1913 als neue St\u00e4tte f\u00fcr die Sammlungen des Museumsvereins. Als Vorbild diente ein Ackerb\u00fcrgerhaus, das an dieser Stelle gestanden hatte. In den Jahren 1989 bis 1992 wurde das Heimatmuseum durch einen Neubau zum Buxtehude\u00b7Museum f\u00fcr Regionalgeschichte und Kunst erweitert<\/td>\n<\/tr>\n<tr>\n<td><img loading=\"lazy\" decoding=\"async\" class=\"alignleft size-full wp-image-784\" src=\"http:\/\/heimat-und-geschichtsverein-buxtehude.de\/wp-content\/uploads\/2018\/02\/thumbs_zwinger_1010-1.jpg\" alt=\"Marschtorzwinger, Zeittafel zur Geschichte des Heimatvereins Buxtehude\" width=\"261\" height=\"174\" srcset=\"https:\/\/heimat-und-geschichtsverein-buxtehude.de\/wp-content\/uploads\/2018\/02\/thumbs_zwinger_1010-1.jpg 261w, https:\/\/heimat-und-geschichtsverein-buxtehude.de\/wp-content\/uploads\/2018\/02\/thumbs_zwinger_1010-1-150x100.jpg 150w\" sizes=\"(max-width: 261px) 100vw, 261px\" \/><\/td>\n<td><b>Marschtorzwinger<\/b><br \/>\nLetzter von ehemals f\u00fcnf Rundt\u00fcrmen an den Eckpunkten der fr\u00fcheren Stadtmauer. Das angrenzende Marschtor im&nbsp;<br \/>\n19. Jh. abgebrochen. V\u00f6llige Restaurierung aus St\u00e4dtebauf\u00f6rderungsmitteln in den Jahren 1984 bis 1986. Jetzt Kulturzentrum.<\/td>\n<\/tr>\n<tr>\n<td><img loading=\"lazy\" decoding=\"async\" class=\"alignleft size-full wp-image-781\" src=\"http:\/\/heimat-und-geschichtsverein-buxtehude.de\/wp-content\/uploads\/2018\/02\/thumbs_abthaus_1051.jpg\" alt=\"Abthaus, Zeittafel zur Geschichte des Heimatvereins Buxtehude\" width=\"261\" height=\"174\" srcset=\"https:\/\/heimat-und-geschichtsverein-buxtehude.de\/wp-content\/uploads\/2018\/02\/thumbs_abthaus_1051.jpg 261w, https:\/\/heimat-und-geschichtsverein-buxtehude.de\/wp-content\/uploads\/2018\/02\/thumbs_abthaus_1051-150x100.jpg 150w\" sizes=\"(max-width: 261px) 100vw, 261px\" \/><\/td>\n<td><b>Abthaus<\/b><br \/>\nSeit Beginn des 15. Jh. Stadthaus der Erz\u00e4bte von Harsefeld. W\u00e4hrend des Drei\u00dfigj\u00e4hrigen Krieges im Jahre 1625 neu erbaut. Heute Restaurant \u201eAbthaus\u201c.<\/td>\n<\/tr>\n<tr>\n<td><img loading=\"lazy\" decoding=\"async\" class=\"alignleft size-full wp-image-782\" src=\"http:\/\/heimat-und-geschichtsverein-buxtehude.de\/wp-content\/uploads\/2018\/02\/thumbs_stavenort_9050.jpg\" alt=\"Stavenort, Zeittafel zur Geschichte des Heimatvereins Buxtehude\" width=\"261\" height=\"174\" srcset=\"https:\/\/heimat-und-geschichtsverein-buxtehude.de\/wp-content\/uploads\/2018\/02\/thumbs_stavenort_9050.jpg 261w, https:\/\/heimat-und-geschichtsverein-buxtehude.de\/wp-content\/uploads\/2018\/02\/thumbs_stavenort_9050-150x100.jpg 150w\" sizes=\"(max-width: 261px) 100vw, 261px\" \/><\/td>\n<td><b>Stavenort 16<\/b><br \/>\nZweigeschossiges Fachwerkhaus aus dem 16. Jh. mit vier kleinen Wohnungen. Sein inneres Gef\u00fcge, insbesondere der Grundriss, hat sich praktisch unver\u00e4ndert erhalten.&nbsp;<br \/>\nHeute Sitz der Kunstschule Buxtehude.<\/td>\n<\/tr>\n<tr>\n<td><img loading=\"lazy\" decoding=\"async\" class=\"alignleft size-full wp-image-783\" src=\"http:\/\/heimat-und-geschichtsverein-buxtehude.de\/wp-content\/uploads\/2018\/02\/thumbs_fischerstr_1030.jpg\" alt=\"Fischerstrasse 3, Zeittafel zur Geschichte des Heimatvereins Buxtehude\" width=\"261\" height=\"174\" srcset=\"https:\/\/heimat-und-geschichtsverein-buxtehude.de\/wp-content\/uploads\/2018\/02\/thumbs_fischerstr_1030.jpg 261w, https:\/\/heimat-und-geschichtsverein-buxtehude.de\/wp-content\/uploads\/2018\/02\/thumbs_fischerstr_1030-150x100.jpg 150w\" sizes=\"(max-width: 261px) 100vw, 261px\" \/><\/td>\n<td><b>Fuhrmannshaus<\/b><br \/>\nEhemals Wohnhaus eines Ackerb\u00fcrgers und Fuhrmanns mit Stallung. 1553 erbaut und 1979 durch den Verein Haus Fischerstra\u00dfe 3 e.V. vollst\u00e4ndig restauriert.&nbsp;<br \/>\nHeute Restaurant \u201eHaus Fischerstra\u00dfe 3\u201c.<\/td>\n<\/tr>\n<\/tbody>\n<\/table>\n","protected":false},"excerpt":{"rendered":"<p>Zeittafel zur Geschichte des Heimat- und Geschichtsvereins 25. Okt. 1880 Gr\u00fcndung des \u201eVereins zur Gr\u00fcndung und Unterst\u00fctzung einer st\u00e4dtischen kunsthistorischen und kunstgewerblichen Sammlung\u201c 1. April 1881 Die Sammlung ist erstmals auf dem ausgebauten Dachboden des Rathauses zu besichtigen. 27. Juni 1907 Neugr\u00fcndung als Museumsverein 9. Februar 1913 Julius C\u00e4sar K\u00e4hler,\u2026<\/p>\n<p> <a class=\"continue-reading-link\" href=\"https:\/\/heimat-und-geschichtsverein-buxtehude.de\/?page_id=135\"><span>Continue reading<\/span><i class=\"crycon-right-dir\"><\/i><\/a> <\/p>\n","protected":false},"author":1,"featured_media":0,"parent":0,"menu_order":0,"comment_status":"closed","ping_status":"closed","template":"","meta":{"ngg_post_thumbnail":0,"footnotes":""},"yoast_head":"<!-- This site is optimized with the Yoast SEO plugin v23.5 - https:\/\/yoast.com\/wordpress\/plugins\/seo\/ -->\n<title>Zeittafel - Heimat- und Geschichtsverein Buxtehude<\/title>\n<meta name=\"robots\" content=\"index, follow, max-snippet:-1, max-image-preview:large, max-video-preview:-1\" \/>\n<link rel=\"canonical\" href=\"https:\/\/heimat-und-geschichtsverein-buxtehude.de\/?page_id=135\" \/>\n<meta property=\"og:locale\" content=\"de_DE\" \/>\n<meta property=\"og:type\" content=\"article\" \/>\n<meta property=\"og:title\" content=\"Zeittafel - Heimat- und Geschichtsverein Buxtehude\" \/>\n<meta property=\"og:description\" content=\"Zeittafel zur Geschichte des Heimat- und Geschichtsvereins 25. Okt. 1880 Gr\u00fcndung des \u201eVereins zur Gr\u00fcndung und Unterst\u00fctzung einer st\u00e4dtischen kunsthistorischen und kunstgewerblichen Sammlung\u201c 1. April 1881 Die Sammlung ist erstmals auf dem ausgebauten Dachboden des Rathauses zu besichtigen. 27. Juni 1907 Neugr\u00fcndung als Museumsverein 9. Februar 1913 Julius C\u00e4sar K\u00e4hler,\u2026 Continue reading\" \/>\n<meta property=\"og:url\" content=\"https:\/\/heimat-und-geschichtsverein-buxtehude.de\/?page_id=135\" \/>\n<meta property=\"og:site_name\" content=\"Heimat- und Geschichtsverein Buxtehude\" \/>\n<meta property=\"article:modified_time\" content=\"2018-03-16T10:56:35+00:00\" \/>\n<meta property=\"og:image\" content=\"http:\/\/heimat-und-geschichtsverein-buxtehude.de\/wp-content\/uploads\/2018\/02\/thumbs_heimatmuseum_2090.jpg\" \/>\n<meta name=\"twitter:card\" content=\"summary_large_image\" \/>\n<meta name=\"twitter:label1\" content=\"Gesch\u00e4tzte Lesezeit\" \/>\n\t<meta name=\"twitter:data1\" content=\"2\u00a0Minuten\" \/>\n<script type=\"application\/ld+json\" class=\"yoast-schema-graph\">{\"@context\":\"https:\/\/schema.org\",\"@graph\":[{\"@type\":\"WebPage\",\"@id\":\"https:\/\/heimat-und-geschichtsverein-buxtehude.de\/?page_id=135\",\"url\":\"https:\/\/heimat-und-geschichtsverein-buxtehude.de\/?page_id=135\",\"name\":\"Zeittafel - Heimat- und Geschichtsverein Buxtehude\",\"isPartOf\":{\"@id\":\"https:\/\/heimat-und-geschichtsverein-buxtehude.de\/#website\"},\"primaryImageOfPage\":{\"@id\":\"https:\/\/heimat-und-geschichtsverein-buxtehude.de\/?page_id=135#primaryimage\"},\"image\":{\"@id\":\"https:\/\/heimat-und-geschichtsverein-buxtehude.de\/?page_id=135#primaryimage\"},\"thumbnailUrl\":\"http:\/\/heimat-und-geschichtsverein-buxtehude.de\/wp-content\/uploads\/2018\/02\/thumbs_heimatmuseum_2090.jpg\",\"datePublished\":\"2018-02-26T17:33:58+00:00\",\"dateModified\":\"2018-03-16T10:56:35+00:00\",\"breadcrumb\":{\"@id\":\"https:\/\/heimat-und-geschichtsverein-buxtehude.de\/?page_id=135#breadcrumb\"},\"inLanguage\":\"de\",\"potentialAction\":[{\"@type\":\"ReadAction\",\"target\":[\"https:\/\/heimat-und-geschichtsverein-buxtehude.de\/?page_id=135\"]}]},{\"@type\":\"ImageObject\",\"inLanguage\":\"de\",\"@id\":\"https:\/\/heimat-und-geschichtsverein-buxtehude.de\/?page_id=135#primaryimage\",\"url\":\"http:\/\/heimat-und-geschichtsverein-buxtehude.de\/wp-content\/uploads\/2018\/02\/thumbs_heimatmuseum_2090.jpg\",\"contentUrl\":\"http:\/\/heimat-und-geschichtsverein-buxtehude.de\/wp-content\/uploads\/2018\/02\/thumbs_heimatmuseum_2090.jpg\"},{\"@type\":\"BreadcrumbList\",\"@id\":\"https:\/\/heimat-und-geschichtsverein-buxtehude.de\/?page_id=135#breadcrumb\",\"itemListElement\":[{\"@type\":\"ListItem\",\"position\":1,\"name\":\"Startseite\",\"item\":\"https:\/\/heimat-und-geschichtsverein-buxtehude.de\/\"},{\"@type\":\"ListItem\",\"position\":2,\"name\":\"Zeittafel\"}]},{\"@type\":\"WebSite\",\"@id\":\"https:\/\/heimat-und-geschichtsverein-buxtehude.de\/#website\",\"url\":\"https:\/\/heimat-und-geschichtsverein-buxtehude.de\/\",\"name\":\"Heimat- und Geschichtsverein Buxtehude\",\"description\":\"Heimatverein, Geschichtsverein, Buxtehude\",\"potentialAction\":[{\"@type\":\"SearchAction\",\"target\":{\"@type\":\"EntryPoint\",\"urlTemplate\":\"https:\/\/heimat-und-geschichtsverein-buxtehude.de\/?s={search_term_string}\"},\"query-input\":{\"@type\":\"PropertyValueSpecification\",\"valueRequired\":true,\"valueName\":\"search_term_string\"}}],\"inLanguage\":\"de\"}]}<\/script>\n<!-- \/ Yoast SEO plugin. -->","yoast_head_json":{"title":"Zeittafel - Heimat- und Geschichtsverein Buxtehude","robots":{"index":"index","follow":"follow","max-snippet":"max-snippet:-1","max-image-preview":"max-image-preview:large","max-video-preview":"max-video-preview:-1"},"canonical":"https:\/\/heimat-und-geschichtsverein-buxtehude.de\/?page_id=135","og_locale":"de_DE","og_type":"article","og_title":"Zeittafel - Heimat- und Geschichtsverein Buxtehude","og_description":"Zeittafel zur Geschichte des Heimat- und Geschichtsvereins 25. Okt. 1880 Gr\u00fcndung des \u201eVereins zur Gr\u00fcndung und Unterst\u00fctzung einer st\u00e4dtischen kunsthistorischen und kunstgewerblichen Sammlung\u201c 1. April 1881 Die Sammlung ist erstmals auf dem ausgebauten Dachboden des Rathauses zu besichtigen. 27. Juni 1907 Neugr\u00fcndung als Museumsverein 9. Februar 1913 Julius C\u00e4sar K\u00e4hler,\u2026 Continue reading","og_url":"https:\/\/heimat-und-geschichtsverein-buxtehude.de\/?page_id=135","og_site_name":"Heimat- und Geschichtsverein Buxtehude","article_modified_time":"2018-03-16T10:56:35+00:00","og_image":[{"url":"http:\/\/heimat-und-geschichtsverein-buxtehude.de\/wp-content\/uploads\/2018\/02\/thumbs_heimatmuseum_2090.jpg"}],"twitter_card":"summary_large_image","twitter_misc":{"Gesch\u00e4tzte Lesezeit":"2\u00a0Minuten"},"schema":{"@context":"https:\/\/schema.org","@graph":[{"@type":"WebPage","@id":"https:\/\/heimat-und-geschichtsverein-buxtehude.de\/?page_id=135","url":"https:\/\/heimat-und-geschichtsverein-buxtehude.de\/?page_id=135","name":"Zeittafel - Heimat- und Geschichtsverein Buxtehude","isPartOf":{"@id":"https:\/\/heimat-und-geschichtsverein-buxtehude.de\/#website"},"primaryImageOfPage":{"@id":"https:\/\/heimat-und-geschichtsverein-buxtehude.de\/?page_id=135#primaryimage"},"image":{"@id":"https:\/\/heimat-und-geschichtsverein-buxtehude.de\/?page_id=135#primaryimage"},"thumbnailUrl":"http:\/\/heimat-und-geschichtsverein-buxtehude.de\/wp-content\/uploads\/2018\/02\/thumbs_heimatmuseum_2090.jpg","datePublished":"2018-02-26T17:33:58+00:00","dateModified":"2018-03-16T10:56:35+00:00","breadcrumb":{"@id":"https:\/\/heimat-und-geschichtsverein-buxtehude.de\/?page_id=135#breadcrumb"},"inLanguage":"de","potentialAction":[{"@type":"ReadAction","target":["https:\/\/heimat-und-geschichtsverein-buxtehude.de\/?page_id=135"]}]},{"@type":"ImageObject","inLanguage":"de","@id":"https:\/\/heimat-und-geschichtsverein-buxtehude.de\/?page_id=135#primaryimage","url":"http:\/\/heimat-und-geschichtsverein-buxtehude.de\/wp-content\/uploads\/2018\/02\/thumbs_heimatmuseum_2090.jpg","contentUrl":"http:\/\/heimat-und-geschichtsverein-buxtehude.de\/wp-content\/uploads\/2018\/02\/thumbs_heimatmuseum_2090.jpg"},{"@type":"BreadcrumbList","@id":"https:\/\/heimat-und-geschichtsverein-buxtehude.de\/?page_id=135#breadcrumb","itemListElement":[{"@type":"ListItem","position":1,"name":"Startseite","item":"https:\/\/heimat-und-geschichtsverein-buxtehude.de\/"},{"@type":"ListItem","position":2,"name":"Zeittafel"}]},{"@type":"WebSite","@id":"https:\/\/heimat-und-geschichtsverein-buxtehude.de\/#website","url":"https:\/\/heimat-und-geschichtsverein-buxtehude.de\/","name":"Heimat- und Geschichtsverein Buxtehude","description":"Heimatverein, Geschichtsverein, Buxtehude","potentialAction":[{"@type":"SearchAction","target":{"@type":"EntryPoint","urlTemplate":"https:\/\/heimat-und-geschichtsverein-buxtehude.de\/?s={search_term_string}"},"query-input":{"@type":"PropertyValueSpecification","valueRequired":true,"valueName":"search_term_string"}}],"inLanguage":"de"}]}},"_links":{"self":[{"href":"https:\/\/heimat-und-geschichtsverein-buxtehude.de\/index.php?rest_route=\/wp\/v2\/pages\/135"}],"collection":[{"href":"https:\/\/heimat-und-geschichtsverein-buxtehude.de\/index.php?rest_route=\/wp\/v2\/pages"}],"about":[{"href":"https:\/\/heimat-und-geschichtsverein-buxtehude.de\/index.php?rest_route=\/wp\/v2\/types\/page"}],"author":[{"embeddable":true,"href":"https:\/\/heimat-und-geschichtsverein-buxtehude.de\/index.php?rest_route=\/wp\/v2\/users\/1"}],"replies":[{"embeddable":true,"href":"https:\/\/heimat-und-geschichtsverein-buxtehude.de\/index.php?rest_route=%2Fwp%2Fv2%2Fcomments&post=135"}],"version-history":[{"count":56,"href":"https:\/\/heimat-und-geschichtsverein-buxtehude.de\/index.php?rest_route=\/wp\/v2\/pages\/135\/revisions"}],"predecessor-version":[{"id":942,"href":"https:\/\/heimat-und-geschichtsverein-buxtehude.de\/index.php?rest_route=\/wp\/v2\/pages\/135\/revisions\/942"}],"wp:attachment":[{"href":"https:\/\/heimat-und-geschichtsverein-buxtehude.de\/index.php?rest_route=%2Fwp%2Fv2%2Fmedia&parent=135"}],"curies":[{"name":"wp","href":"https:\/\/api.w.org\/{rel}","templated":true}]}}